{"id":1151,"date":"2021-04-14T14:12:31","date_gmt":"2021-04-14T12:12:31","guid":{"rendered":"https:\/\/dev.arthenon.com\/?post_type=product&#038;p=1151"},"modified":"2025-06-03T13:08:21","modified_gmt":"2025-06-03T11:08:21","slug":"carte-postale-chaise-de-theo-van-gogh","status":"publish","type":"product","link":"https:\/\/arthenon.com\/fr\/produit\/carte-postale-chaise-de-theo-van-gogh\/","title":{"rendered":"Carte postale Chaise de Theo van Gogh"},"content":{"rendered":"<p>[et_pb_section fb_built=\u00a0\u00bb1&Prime; _builder_version=\u00a0\u00bb4.16&Prime; custom_padding=\u00a0\u00bb0px||||false|false\u00a0\u00bb global_colors_info=\u00a0\u00bb{}\u00a0\u00bb][et_pb_row _builder_version=\u00a0\u00bb4.16&Prime; background_size=\u00a0\u00bbinitial\u00a0\u00bb background_position=\u00a0\u00bbtop_left\u00a0\u00bb background_repeat=\u00a0\u00bbrepeat\u00a0\u00bb width=\u00a0\u00bb100%\u00a0\u00bb custom_padding=\u00a0\u00bb0px||0px||false|false\u00a0\u00bb global_colors_info=\u00a0\u00bb{}\u00a0\u00bb][et_pb_column type=\u00a0\u00bb4_4&Prime; _builder_version=\u00a0\u00bb4.16&Prime; custom_padding=\u00a0\u00bb|||\u00a0\u00bb global_colors_info=\u00a0\u00bb{}\u00a0\u00bb custom_padding__hover=\u00a0\u00bb|||\u00a0\u00bb][et_pb_wc_breadcrumb _builder_version=\u00a0\u00bb4.16&Prime; global_colors_info=\u00a0\u00bb{}\u00a0\u00bb][\/et_pb_wc_breadcrumb][et_pb_wc_cart_notice _builder_version=\u00a0\u00bb4.16&Prime; global_colors_info=\u00a0\u00bb{}\u00a0\u00bb][\/et_pb_wc_cart_notice][\/et_pb_column][\/et_pb_row][et_pb_row column_structure=\u00a0\u00bb1_2,1_2&Prime; _builder_version=\u00a0\u00bb4.16&Prime; background_size=\u00a0\u00bbinitial\u00a0\u00bb background_position=\u00a0\u00bbtop_left\u00a0\u00bb background_repeat=\u00a0\u00bbrepeat\u00a0\u00bb width=\u00a0\u00bb100%\u00a0\u00bb custom_padding=\u00a0\u00bb0px||||false|false\u00a0\u00bb global_colors_info=\u00a0\u00bb{}\u00a0\u00bb][et_pb_column type=\u00a0\u00bb1_2&Prime; _builder_version=\u00a0\u00bb4.16&Prime; custom_padding=\u00a0\u00bb|||\u00a0\u00bb global_colors_info=\u00a0\u00bb{}\u00a0\u00bb custom_padding__hover=\u00a0\u00bb|||\u00a0\u00bb][et_pb_wc_images _builder_version=\u00a0\u00bb4.16&Prime; global_colors_info=\u00a0\u00bb{}\u00a0\u00bb][\/et_pb_wc_images][\/et_pb_column][et_pb_column type=\u00a0\u00bb1_2&Prime; _builder_version=\u00a0\u00bb4.16&Prime; custom_padding=\u00a0\u00bb|||\u00a0\u00bb global_colors_info=\u00a0\u00bb{}\u00a0\u00bb custom_padding__hover=\u00a0\u00bb|||\u00a0\u00bb][et_pb_wc_title _builder_version=\u00a0\u00bb4.16&Prime; global_colors_info=\u00a0\u00bb{}\u00a0\u00bb][\/et_pb_wc_title][et_pb_wc_rating _builder_version=\u00a0\u00bb4.16&Prime; global_colors_info=\u00a0\u00bb{}\u00a0\u00bb][\/et_pb_wc_rating][et_pb_wc_price admin_label=\u00a0\u00bbPrix du produit Woo\u00a0\u00bb _builder_version=\u00a0\u00bb4.16&Prime; global_colors_info=\u00a0\u00bb{}\u00a0\u00bb][\/et_pb_wc_price][et_pb_wc_description _builder_version=\u00a0\u00bb4.16&Prime; global_colors_info=\u00a0\u00bb{}\u00a0\u00bb][\/et_pb_wc_description][et_pb_wc_add_to_cart _builder_version=\u00a0\u00bb4.16&Prime; global_colors_info=\u00a0\u00bb{}\u00a0\u00bb][\/et_pb_wc_add_to_cart][et_pb_wc_meta _builder_version=\u00a0\u00bb4.16&Prime; global_colors_info=\u00a0\u00bb{}\u00a0\u00bb][\/et_pb_wc_meta][\/et_pb_column][\/et_pb_row][et_pb_row _builder_version=\u00a0\u00bb4.16&Prime; background_size=\u00a0\u00bbinitial\u00a0\u00bb background_position=\u00a0\u00bbtop_left\u00a0\u00bb background_repeat=\u00a0\u00bbrepeat\u00a0\u00bb width=\u00a0\u00bb100%\u00a0\u00bb global_colors_info=\u00a0\u00bb{}\u00a0\u00bb][et_pb_column type=\u00a0\u00bb4_4&Prime; _builder_version=\u00a0\u00bb4.16&Prime; custom_padding=\u00a0\u00bb|||\u00a0\u00bb global_colors_info=\u00a0\u00bb{}\u00a0\u00bb custom_padding__hover=\u00a0\u00bb|||\u00a0\u00bb][et_pb_wc_tabs _builder_version=\u00a0\u00bb4.16&Prime; global_colors_info=\u00a0\u00bb{}\u00a0\u00bb]\t\t\t\t\t[\/et_pb_wc_tabs][et_pb_wc_upsells _builder_version=\u00a0\u00bb4.16&Prime; global_colors_info=\u00a0\u00bb{}\u00a0\u00bb][\/et_pb_wc_upsells][et_pb_wc_related_products _builder_version=\u00a0\u00bb4.16&Prime; global_colors_info=\u00a0\u00bb{}\u00a0\u00bb][\/et_pb_wc_related_products][\/et_pb_column][\/et_pb_row][\/et_pb_section]<\/p>\n","protected":false},"excerpt":{"rendered":"<p>En commandant cette carte postale personnalis\u00e9e, vous contribuez aux recherches et travaux de Wouter van der Veen, auteur, \u00e9diteur et chercheur ind\u00e9pendant.<\/p>\n","protected":false},"featured_media":1172,"template":"","meta":{"_et_pb_use_builder":"on","_et_pb_old_content":"Theo van Gogh, fr\u00e8re, confident, associ\u00e9 et meilleur ami de Vincent, fut mis au courant de la tentative de suicide de Vincent au lendemain du tir fatal. Il put recueillir les derniers mots de ce grand fr\u00e8re qu'il aimait tant en le veillant pendant pr\u00e8s de 20 heures, assistant \u00e0 son agonie. Inconsolable, le malheureux fut rattrap\u00e9 peu apr\u00e8s par la syphilis, qu'il trainait depuis de nombreuses ann\u00e9es. Il mourut six mois plus tard en Hollande. Sa pr\u00e9sence aupr\u00e8s de son fr\u00e8re dans ses derniers instants est symbolis\u00e9e par le seul meuble de la chambre : une chaise toute simple devenue un monument \u00e0 l'amour fraternel. Cette photo a \u00e9t\u00e9 prise par Wouter van der Veen, dans le cadre de ses activit\u00e9s pour l'Institut Van Gogh.","_et_gb_content_width":""},"product_brand":[],"product_cat":[63],"product_tag":[],"class_list":{"0":"post-1151","1":"product","2":"type-product","3":"status-publish","4":"has-post-thumbnail","6":"product_cat-cartes-postales","8":"first","9":"instock","10":"shipping-taxable","11":"purchasable","12":"product-type-variable","13":"has-default-attributes"},"yoast_head":"<!-- This site is optimized with the Yoast SEO plugin v27.1.1 - https:\/\/yoast.com\/product\/yoast-seo-wordpress\/ -->\n<title>Carte postale Chaise de Theo van Gogh - arth\u00e9non<\/title>\n<meta name=\"description\" content=\"Carte postale repr\u00e9sentant la chaise de Theo van Gogh dans la chambre de Vincent \u00e0 Auvers-sur-Oise. Photo prise par Wouter van der Veen.\" \/>\n<meta name=\"robots\" content=\"index, follow, max-snippet:-1, max-image-preview:large, max-video-preview:-1\" \/>\n<link rel=\"canonical\" href=\"http:\/\/arthenon.com\/fr\/produit\/carte-postale-chaise-de-theo-van-gogh\/\" \/>\n<meta property=\"og:locale\" content=\"fr_FR\" \/>\n<meta property=\"og:type\" content=\"article\" \/>\n<meta property=\"og:title\" content=\"Carte postale Chaise de Theo van Gogh - arth\u00e9non\" \/>\n<meta property=\"og:description\" content=\"Carte postale repr\u00e9sentant la chaise de Theo van Gogh dans la chambre de Vincent \u00e0 Auvers-sur-Oise. Photo prise par Wouter van der Veen.\" \/>\n<meta property=\"og:url\" content=\"http:\/\/arthenon.com\/fr\/produit\/carte-postale-chaise-de-theo-van-gogh\/\" \/>\n<meta property=\"og:site_name\" content=\"arth\u00e9non\" \/>\n<meta property=\"article:modified_time\" content=\"2025-06-03T11:08:21+00:00\" \/>\n<meta property=\"og:image\" content=\"http:\/\/arthenon.com\/wp-content\/uploads\/2021\/04\/20210416_Carte-Vincent_04-4.jpg\" \/>\n\t<meta property=\"og:image:width\" content=\"2048\" \/>\n\t<meta property=\"og:image:height\" content=\"1260\" \/>\n\t<meta property=\"og:image:type\" content=\"image\/jpeg\" \/>\n<meta name=\"twitter:card\" content=\"summary_large_image\" \/>\n<meta name=\"twitter:label1\" content=\"Dur\u00e9e de lecture estim\u00e9e\" \/>\n\t<meta name=\"twitter:data1\" content=\"1 minute\" \/>\n<script type=\"application\/ld+json\" class=\"yoast-schema-graph\">{\"@context\":\"https:\/\/schema.org\",\"@graph\":[{\"@type\":\"WebPage\",\"@id\":\"http:\/\/arthenon.com\/fr\/produit\/carte-postale-chaise-de-theo-van-gogh\/\",\"url\":\"http:\/\/arthenon.com\/fr\/produit\/carte-postale-chaise-de-theo-van-gogh\/\",\"name\":\"Carte postale Chaise de Theo van Gogh - arth\u00e9non\",\"isPartOf\":{\"@id\":\"https:\/\/arthenon.com\/fr\/#website\"},\"primaryImageOfPage\":{\"@id\":\"http:\/\/arthenon.com\/fr\/produit\/carte-postale-chaise-de-theo-van-gogh\/#primaryimage\"},\"image\":{\"@id\":\"http:\/\/arthenon.com\/fr\/produit\/carte-postale-chaise-de-theo-van-gogh\/#primaryimage\"},\"thumbnailUrl\":\"https:\/\/arthenon.com\/wp-content\/uploads\/2021\/04\/20210416_Carte-Vincent_04-4.jpg\",\"datePublished\":\"2021-04-14T12:12:31+00:00\",\"dateModified\":\"2025-06-03T11:08:21+00:00\",\"description\":\"Carte postale repr\u00e9sentant la chaise de Theo van Gogh dans la chambre de Vincent \u00e0 Auvers-sur-Oise. Photo prise par Wouter van der Veen.\",\"breadcrumb\":{\"@id\":\"http:\/\/arthenon.com\/fr\/produit\/carte-postale-chaise-de-theo-van-gogh\/#breadcrumb\"},\"inLanguage\":\"fr-FR\",\"potentialAction\":[{\"@type\":\"ReadAction\",\"target\":[\"http:\/\/arthenon.com\/fr\/produit\/carte-postale-chaise-de-theo-van-gogh\/\"]}]},{\"@type\":\"ImageObject\",\"inLanguage\":\"fr-FR\",\"@id\":\"http:\/\/arthenon.com\/fr\/produit\/carte-postale-chaise-de-theo-van-gogh\/#primaryimage\",\"url\":\"https:\/\/arthenon.com\/wp-content\/uploads\/2021\/04\/20210416_Carte-Vincent_04-4.jpg\",\"contentUrl\":\"https:\/\/arthenon.com\/wp-content\/uploads\/2021\/04\/20210416_Carte-Vincent_04-4.jpg\",\"width\":2048,\"height\":1260,\"caption\":\"Chaise de Theo dans la chambre de Vincent\"},{\"@type\":\"BreadcrumbList\",\"@id\":\"http:\/\/arthenon.com\/fr\/produit\/carte-postale-chaise-de-theo-van-gogh\/#breadcrumb\",\"itemListElement\":[{\"@type\":\"ListItem\",\"position\":1,\"name\":\"Home\",\"item\":\"https:\/\/arthenon.com\/fr\/\"},{\"@type\":\"ListItem\",\"position\":2,\"name\":\"Boutique\",\"item\":\"https:\/\/arthenon.com\/fr\/boutique\/\"},{\"@type\":\"ListItem\",\"position\":3,\"name\":\"Carte postale Chaise de Theo van Gogh\"}]},{\"@type\":\"WebSite\",\"@id\":\"https:\/\/arthenon.com\/fr\/#website\",\"url\":\"https:\/\/arthenon.com\/fr\/\",\"name\":\"arth\u00e9non\",\"description\":\"livres libres\",\"potentialAction\":[{\"@type\":\"SearchAction\",\"target\":{\"@type\":\"EntryPoint\",\"urlTemplate\":\"https:\/\/arthenon.com\/fr\/?s={search_term_string}\"},\"query-input\":{\"@type\":\"PropertyValueSpecification\",\"valueRequired\":true,\"valueName\":\"search_term_string\"}}],\"inLanguage\":\"fr-FR\"}]}<\/script>\n<!-- \/ Yoast SEO plugin. -->","yoast_head_json":{"title":"Carte postale Chaise de Theo van Gogh - arth\u00e9non","description":"Carte postale repr\u00e9sentant la chaise de Theo van Gogh dans la chambre de Vincent \u00e0 Auvers-sur-Oise. Photo prise par Wouter van der Veen.","robots":{"index":"index","follow":"follow","max-snippet":"max-snippet:-1","max-image-preview":"max-image-preview:large","max-video-preview":"max-video-preview:-1"},"canonical":"http:\/\/arthenon.com\/fr\/produit\/carte-postale-chaise-de-theo-van-gogh\/","og_locale":"fr_FR","og_type":"article","og_title":"Carte postale Chaise de Theo van Gogh - arth\u00e9non","og_description":"Carte postale repr\u00e9sentant la chaise de Theo van Gogh dans la chambre de Vincent \u00e0 Auvers-sur-Oise. Photo prise par Wouter van der Veen.","og_url":"http:\/\/arthenon.com\/fr\/produit\/carte-postale-chaise-de-theo-van-gogh\/","og_site_name":"arth\u00e9non","article_modified_time":"2025-06-03T11:08:21+00:00","og_image":[{"width":2048,"height":1260,"url":"http:\/\/arthenon.com\/wp-content\/uploads\/2021\/04\/20210416_Carte-Vincent_04-4.jpg","type":"image\/jpeg"}],"twitter_card":"summary_large_image","twitter_misc":{"Dur\u00e9e de lecture estim\u00e9e":"1 minute"},"schema":{"@context":"https:\/\/schema.org","@graph":[{"@type":"WebPage","@id":"http:\/\/arthenon.com\/fr\/produit\/carte-postale-chaise-de-theo-van-gogh\/","url":"http:\/\/arthenon.com\/fr\/produit\/carte-postale-chaise-de-theo-van-gogh\/","name":"Carte postale Chaise de Theo van Gogh - arth\u00e9non","isPartOf":{"@id":"https:\/\/arthenon.com\/fr\/#website"},"primaryImageOfPage":{"@id":"http:\/\/arthenon.com\/fr\/produit\/carte-postale-chaise-de-theo-van-gogh\/#primaryimage"},"image":{"@id":"http:\/\/arthenon.com\/fr\/produit\/carte-postale-chaise-de-theo-van-gogh\/#primaryimage"},"thumbnailUrl":"https:\/\/arthenon.com\/wp-content\/uploads\/2021\/04\/20210416_Carte-Vincent_04-4.jpg","datePublished":"2021-04-14T12:12:31+00:00","dateModified":"2025-06-03T11:08:21+00:00","description":"Carte postale repr\u00e9sentant la chaise de Theo van Gogh dans la chambre de Vincent \u00e0 Auvers-sur-Oise. Photo prise par Wouter van der Veen.","breadcrumb":{"@id":"http:\/\/arthenon.com\/fr\/produit\/carte-postale-chaise-de-theo-van-gogh\/#breadcrumb"},"inLanguage":"fr-FR","potentialAction":[{"@type":"ReadAction","target":["http:\/\/arthenon.com\/fr\/produit\/carte-postale-chaise-de-theo-van-gogh\/"]}]},{"@type":"ImageObject","inLanguage":"fr-FR","@id":"http:\/\/arthenon.com\/fr\/produit\/carte-postale-chaise-de-theo-van-gogh\/#primaryimage","url":"https:\/\/arthenon.com\/wp-content\/uploads\/2021\/04\/20210416_Carte-Vincent_04-4.jpg","contentUrl":"https:\/\/arthenon.com\/wp-content\/uploads\/2021\/04\/20210416_Carte-Vincent_04-4.jpg","width":2048,"height":1260,"caption":"Chaise de Theo dans la chambre de Vincent"},{"@type":"BreadcrumbList","@id":"http:\/\/arthenon.com\/fr\/produit\/carte-postale-chaise-de-theo-van-gogh\/#breadcrumb","itemListElement":[{"@type":"ListItem","position":1,"name":"Home","item":"https:\/\/arthenon.com\/fr\/"},{"@type":"ListItem","position":2,"name":"Boutique","item":"https:\/\/arthenon.com\/fr\/boutique\/"},{"@type":"ListItem","position":3,"name":"Carte postale Chaise de Theo van Gogh"}]},{"@type":"WebSite","@id":"https:\/\/arthenon.com\/fr\/#website","url":"https:\/\/arthenon.com\/fr\/","name":"arth\u00e9non","description":"livres libres","potentialAction":[{"@type":"SearchAction","target":{"@type":"EntryPoint","urlTemplate":"https:\/\/arthenon.com\/fr\/?s={search_term_string}"},"query-input":{"@type":"PropertyValueSpecification","valueRequired":true,"valueName":"search_term_string"}}],"inLanguage":"fr-FR"}]}},"_links":{"self":[{"href":"https:\/\/arthenon.com\/fr\/wp-json\/wp\/v2\/product\/1151","targetHints":{"allow":["GET"]}}],"collection":[{"href":"https:\/\/arthenon.com\/fr\/wp-json\/wp\/v2\/product"}],"about":[{"href":"https:\/\/arthenon.com\/fr\/wp-json\/wp\/v2\/types\/product"}],"wp:featuredmedia":[{"embeddable":true,"href":"https:\/\/arthenon.com\/fr\/wp-json\/wp\/v2\/media\/1172"}],"wp:attachment":[{"href":"https:\/\/arthenon.com\/fr\/wp-json\/wp\/v2\/media?parent=1151"}],"wp:term":[{"taxonomy":"product_brand","embeddable":true,"href":"https:\/\/arthenon.com\/fr\/wp-json\/wp\/v2\/product_brand?post=1151"},{"taxonomy":"product_cat","embeddable":true,"href":"https:\/\/arthenon.com\/fr\/wp-json\/wp\/v2\/product_cat?post=1151"},{"taxonomy":"product_tag","embeddable":true,"href":"https:\/\/arthenon.com\/fr\/wp-json\/wp\/v2\/product_tag?post=1151"}],"curies":[{"name":"wp","href":"https:\/\/api.w.org\/{rel}","templated":true}]}}